{"id":124,"date":"2016-01-19T10:51:46","date_gmt":"2016-01-19T10:51:46","guid":{"rendered":"http:\/\/kreuz-und-quer.com\/?page_id=124"},"modified":"2026-03-27T15:35:55","modified_gmt":"2026-03-27T15:35:55","slug":"events","status":"publish","type":"page","link":"https:\/\/kreuz-und-quer.com\/?page_id=124","title":{"rendered":"Events"},"content":{"rendered":"<h4>23.09.2026 Mittwoch\u00a0 Themenabend mit Brigitte Liebelt &#8222;Das ist doch selbstverst\u00e4ndlich&#8220;<\/h4>\n<h4>11.07.2026 Samstag\u00a0 \u00a0Sommerfest auf dem Rathausplatz Arnbach<\/h4>\n<h4>29.04.2026 Mittwoch\u00a0 AHAVA Wellnessabend\u00a0<\/h4>\n<h4>14.11.2025 Freitag\u00a0\u00a0\u00a0\u00a0\u00a0\u00a0 Autorenabend mit Titus M\u00fcller<\/h4>\n<h4>31.10.2025 Freitag\u00a0 \u00a0 \u00a0 \u00a0Ladies Lounge Live\u00fcbertragung<\/h4>\n<h4>17.10.2025 Freitag\u00a0\u00a0\u00a0\u00a0\u00a0\u00a0\u00a0\u00a0Late Night Shopping!<\/h4>\n<h4>26.09.2025 Freitag\u00a0\u00a0\u00a0\u00a0\u00a0\u00a0\u00a0 Schokoladenverkostung<\/h4>\n<h4>28.06.2025 Samstag \u00a0\u00a0\u00a0 Sommerfest auf dem Rathausplatz Arnbach<\/h4>\n<h4>23.05. bis 26.05.2025\u00a0\u00a0 Hoffnungsfestival im Livestream<\/h4>\n<h4>12.03.2025 Mittwoch \u00a0 Abenteuer Leben 3. Themenabend &#8222;Ganz sch\u00f6n anspruchsvoll&#8220;<\/h4>\n<h4>12.02.2025 Mittwoch\u00a0\u00a0 Abenteuer Leben 2. Themenabend &#8222;einzig.art.ich&#8220;<\/h4>\n<h4>29.01.2025 Mittwoch\u00a0\u00a0 Abenteuer Leben 1. Themenabend &#8222;Sei frech wild und wunderbar&#8220;<\/h4>\n<h4>06.12.2024 Freitag \u00a0 \u00a0\u00a0 \u00a0 Weinverkostung Weingut Frank Schmidt<\/h4>\n<h4>22.11.2024 Freitag\u00a0\u00a0\u00a0\u00a0\u00a0\u00a0\u00a0\u00a0 Autorenabend mit Titus M\u00fcller<\/h4>\n<h4>25.10.2024 Freitag\u00a0\u00a0\u00a0\u00a0\u00a0\u00a0\u00a0\u00a0 AHAVA Wellnessabend ab 18:00<\/h4>\n<h4>18.10.2024 Freitag \u00a0 \u00a0 \u00a0\u00a0\u00a0 Late Night Shopping!<\/h4>\n<h4>01.06.2024 Samstag\u00a0\u00a0\u00a0\u00a0\u00a0\u00a0 Einladung Neuer\u00f6ffnung<\/h4>\n<h4>09.04.2024 Dienstag\u00a0\u00a0\u00a0 \u00a0\u00a0 Lesung mit Nicola Vollkommer<\/h4>\n<h4>27.02.2024 Dienstag\u00a0\u00a0\u00a0 \u00a0\u00a0 Konzert mit dem Duo &#8222;Himmelw\u00e4rts&#8220; Simone Fahrer und Miriam R\u00fcckert<\/h4>\n<h4>28.11.2023 Dienstag\u00a0\u00a0 \u00a0\u00a0\u00a0 Schnupperkurs \u00c4therische \u00d6le<\/h4>\n<h4>14.11.2023 Dienstag\u00a0\u00a0 \u00a0\u00a0\u00a0 Lesung mit Titus M\u00fcller &#8222;Der Auftrag&#8220;<\/h4>\n<h4>17.10.2023 Dienstag\u00a0\u00a0 \u00a0 \u00a0 Late Night Shopping!<\/h4>\n<h4>03.10.2023 Dienstag\u00a0\u00a0 \u00a0 \u00a0 Stoppelmarkt<\/h4>\n<h4>27.09.2023 Mittwoch \u00a0\u00a0\u00a0\u00a0 Ahava Wellnessabend ab 18:00<\/h4>\n<h4>09.09.2023 Samstag \u00a0 \u00a0 \u00a0 Ein Nachmittag des Dankes<\/h4>\n<h4>21.05.2023 Sonntag\u00a0\u00a0\u00a0\u00a0\u00a0 \u00a0\u00a0 Maimarkt<\/h4>\n<h4>19.04. 2023 Mittwoch\u00a0\u00a0 \u00a0\u00a0 Seelsorge mit Frau Kohnle ab 15 Uhr<\/h4>\n<h4>17.04.2023 Montag\u00a0\u00a0\u00a0\u00a0\u00a0\u00a0\u00a0\u00a0 Ahava Wellnessabend ab 18:30<\/h4>\n<h4>27.03.2023 Montag\u00a0\u00a0\u00a0\u00a0\u00a0\u00a0\u00a0\u00a0 Buchvorstellung SCM- und Gerth Verlag ab 19:30 Uhr<\/h4>\n<h4>09.11.2022 Mittwoch \u00a0\u00a0 \u00a0\u00a0 AHAVA Wellnessabend ab 18:30 Uhr<\/h4>\n<h4>03.10.2022 Montag \u00a0 \u00a0 \u00a0\u00a0 \u00a0 Stoppelmarkt Neuenb\u00fcrg<\/h4>\n<h4>14.09.2022 Mittwoch\u00a0\u00a0\u00a0\u00a0\u00a0\u00a0\u00a0 J\u00fcdisches Leben im Oberamt Neuenb\u00fcrg<\/h4>\n<h4>24.03.2020 Dienstag\u00a0 \u00a0 \u00a0 \u00a0 \u00a0 AHAVA Wellnessabend ab 18:30 Uhr<\/h4>\n<h4>25.01.2020 Samstag\u00a0 \u00a0 \u00a0 \u00a0 \u00a0 Lesung mit Claudia Schwartz<br \/>\u00a0 \u00a0 \u00a0 \u00a0 \u00a0 \u00a0 \u00a0 \u00a0 \u00a0 \u00a0 \u00a0 \u00a0 \u00a0 \u00a0 \u00a0 \u00a0 \u00a0 \u00a0 \u00a0 \u00a0 \u00a0 \u00a0 \u00a0 um 19:00 Uhr in der Lutherkirche Arnbach<br \/>\u00a0 \u00a0 \u00a0 \u00a0 \u00a0 \u00a0 \u00a0 \u00a0 \u00a0 \u00a0 \u00a0 \u00a0 \u00a0 \u00a0 \u00a0 \u00a0 \u00a0 \u00a0 \u00a0 \u00a0 \u00a0 \u00a0 \u00a0 &#8222;Die Tageb\u00fccher der Etty Hillesum 1941-1943&#8220;<br \/>\u00a0 \u00a0 \u00a0 \u00a0 \u00a0 \u00a0 \u00a0 \u00a0 \u00a0 \u00a0 \u00a0 \u00a0 \u00a0 \u00a0 \u00a0 \u00a0 \u00a0 \u00a0 \u00a0 \u00a0 \u00a0 \u00a0 \u00a0 Musikalisch umrahmt von Shaul Bustan<\/h4>\n<h4>29.10.2019 Dienstag\u00a0 \u00a0 \u00a0 \u00a0 \u00a0 AHAVA Wellnessabend ab 18:30 Uhr<\/h4>\n<h4>03.10.2019 Donnerstag\u00a0 \u00a0 \u00a0 Stoppelmarkt Neuenb\u00fcrg<\/h4>\n<h4>25.09.2019 Mittwoch\u00a0 \u00a0 \u00a0 \u00a0 \u00a0 Lesung mit Nicola Vollkommer um 19:30 Uhr<\/h4>\n<h4>05.07.2019 Freitag\u00a0 \u00a0 \u00a0 \u00a0 \u00a0\u00a0\u00a0\u00a0\u00a0 Weinverkostung um 19.30 Uhr<\/h4>\n<h4>19.05.2019\u00a0 Sonntag\u00a0 \u00a0 \u00a0 \u00a0\u00a0\u00a0 Maimarkt<\/h4>\n<h4>17.05.2019 Freitag\u00a0 \u00a0 \u00a0 \u00a0 \u00a0 \u00a0\u00a0 Himmlisch mit dem Duo Himmelw\u00e4rts 19:30 Uhr<\/h4>\n<h4>05.02.2019 Dienstag\u00a0 \u00a0 \u00a0 \u00a0\u00a0\u00a0 AHAVA Wellnessabend ab 18:30 Uhr<\/h4>\n<h4>\u00a0<\/h4>\n<h3>Events nach Absprache<\/h3>\n<ul>\n<li>\n<h4>Bible Art Journaling<\/h4>\n<\/li>\n<li>\n<h4>Nach dem Schluss kommt der Genuss<\/h4>\n<\/li>\n<li>\n<h4>\u00a0Fr\u00fchst\u00fcck in Wohnzimmeratmosph\u00e4re<\/h4>\n<\/li>\n<\/ul>\n<h4>\u00a0<\/h4>\n\n\n<figure class=\"wp-block-image size-full\"><a href=\"https:\/\/kreuz-und-quer.com\/wp-content\/uploads\/2022\/11\/Fru\u0308hstu\u0308ckskarte_V20-01.jpg\"><img loading=\"lazy\" decoding=\"async\" width=\"850\" height=\"850\" src=\"https:\/\/kreuz-und-quer.com\/wp-content\/uploads\/2022\/11\/Fru\u0308hstu\u0308ckskarte_V20-01.jpg\" alt=\"\" class=\"wp-image-958\" srcset=\"https:\/\/kreuz-und-quer.com\/wp-content\/uploads\/2022\/11\/Fru\u0308hstu\u0308ckskarte_V20-01.jpg 850w, https:\/\/kreuz-und-quer.com\/wp-content\/uploads\/2022\/11\/Fru\u0308hstu\u0308ckskarte_V20-01-300x300.jpg 300w, https:\/\/kreuz-und-quer.com\/wp-content\/uploads\/2022\/11\/Fru\u0308hstu\u0308ckskarte_V20-01-150x150.jpg 150w, https:\/\/kreuz-und-quer.com\/wp-content\/uploads\/2022\/11\/Fru\u0308hstu\u0308ckskarte_V20-01-768x768.jpg 768w, https:\/\/kreuz-und-quer.com\/wp-content\/uploads\/2022\/11\/Fru\u0308hstu\u0308ckskarte_V20-01-600x600.jpg 600w, https:\/\/kreuz-und-quer.com\/wp-content\/uploads\/2022\/11\/Fru\u0308hstu\u0308ckskarte_V20-01-160x160.jpg 160w\" sizes=\"(max-width: 850px) 100vw, 850px\" \/><\/a><\/figure>\n\n\n\n<p><\/p>\n\n\n\n<p><\/p>\n\n\n\n<p><\/p>\n","protected":false},"excerpt":{"rendered":"<p>23.09.2026 Mittwoch\u00a0 Themenabend mit Brigitte Liebelt &#8222;Das ist doch selbstverst\u00e4ndlich&#8220; 11.07.2026 Samstag\u00a0 \u00a0Sommerfest auf dem Rathausplatz Arnbach 29.04.2026 Mittwoch\u00a0 AHAVA Wellnessabend\u00a0 14.11.2025 Freitag\u00a0\u00a0\u00a0\u00a0\u00a0\u00a0 Autorenabend mit Titus M\u00fcller 31.10.2025 Freitag\u00a0 \u00a0 \u00a0 \u00a0Ladies Lounge Live\u00fcbertragung 17.10.2025 Freitag\u00a0\u00a0\u00a0\u00a0\u00a0\u00a0\u00a0\u00a0Late Night Shopping! 26.09.2025 Freitag\u00a0\u00a0\u00a0\u00a0\u00a0\u00a0\u00a0 Schokoladenverkostung 28.06.2025 Samstag \u00a0\u00a0\u00a0 Sommerfest auf dem Rathausplatz Arnbach 23.05. bis 26.05.2025\u00a0\u00a0 Hoffnungsfestival im Livestream [&hellip;]<\/p>\n","protected":false},"author":2,"featured_media":0,"parent":0,"menu_order":0,"comment_status":"closed","ping_status":"closed","template":"","meta":{"footnotes":""},"_links":{"self":[{"href":"https:\/\/kreuz-und-quer.com\/index.php?rest_route=\/wp\/v2\/pages\/124"}],"collection":[{"href":"https:\/\/kreuz-und-quer.com\/index.php?rest_route=\/wp\/v2\/pages"}],"about":[{"href":"https:\/\/kreuz-und-quer.com\/index.php?rest_route=\/wp\/v2\/types\/page"}],"author":[{"embeddable":true,"href":"https:\/\/kreuz-und-quer.com\/index.php?rest_route=\/wp\/v2\/users\/2"}],"replies":[{"embeddable":true,"href":"https:\/\/kreuz-und-quer.com\/index.php?rest_route=%2Fwp%2Fv2%2Fcomments&post=124"}],"version-history":[{"count":88,"href":"https:\/\/kreuz-und-quer.com\/index.php?rest_route=\/wp\/v2\/pages\/124\/revisions"}],"predecessor-version":[{"id":1339,"href":"https:\/\/kreuz-und-quer.com\/index.php?rest_route=\/wp\/v2\/pages\/124\/revisions\/1339"}],"wp:attachment":[{"href":"https:\/\/kreuz-und-quer.com\/index.php?rest_route=%2Fwp%2Fv2%2Fmedia&parent=124"}],"curies":[{"name":"wp","href":"https:\/\/api.w.org\/{rel}","templated":true}]}}